{"id":2204,"date":"2025-11-24T14:41:15","date_gmt":"2025-11-24T14:41:15","guid":{"rendered":"https:\/\/ibc-zh.ch\/?page_id=2204"},"modified":"2025-11-24T14:41:15","modified_gmt":"2025-11-24T14:41:15","slug":"imam","status":"publish","type":"page","link":"https:\/\/ibc-zh.ch\/ba\/imam\/","title":{"rendered":"Imam"},"content":{"rendered":"<h1>\n\t\t\t\t\tImam\n\t\t\t\t<\/h1>\n\t\t\t\t<img loading=\"lazy\" decoding=\"async\" src=\"https:\/\/ibc-zh.ch\/wp-content\/uploads\/2025\/09\/ef-sanel-hodzic.jpeg\" alt=\"ef-sanel-hodzic\" itemprop=\"image\" height=\"332\" width=\"220\" title=\"ef-sanel-hodzic\" onerror=\"this.style.display='none'\"  \/>\n<p>Sanel-ef. Hod\u017ei\u0107 je ro\u0111en 20. 11. 1986. godine u Kladnju. Behram-begovu medresu u Tuzli je zavr\u0161io 2005. godine, a Fakultet islamskih nauka u Sarajevu, imamski smjer 2012. godine. Radio je u rodnom mjestu, d\u017eematu No\u0107ajevi\u0107i u periodu od 2006. do 2014. godine. Radio je u d\u017eematu Donja Obodnica Med\u017elis Islamske zajednice Tuzla od 2014. do 2022. godine kada prelazi u d\u017eemat Solina gdje ostaje do 31. augusta 2025. godine. Sanel-ef. Hod\u017ei\u0107 je po\u010deo imamsku slu\u017ebu u Islamskom bo\u0161nja\u010dkom centru Cirih 1.9.2025. godine. O\u017eenjen je Nasiha hanumom i imaju troje djece.<\/p>\n\t<iframe loading=\"lazy\" title=\"30 godina IBC-a Cirih - dokumentarni film\" width=\"500\" height=\"281\" src=\"https:\/\/www.youtube.com\/embed\/FazGefkBpII?feature=oembed\" frameborder=\"0\" allow=\"accelerometer; autoplay; clipboard-write; encrypted-media; gyroscope; picture-in-picture; web-share\" referrerpolicy=\"strict-origin-when-cross-origin\" allowfullscreen><\/iframe>","protected":false},"excerpt":{"rendered":"<p>Imam Sanel Hod\u017ei\u0107 wurde am 20.11.1986 in Kladanj (Bosnien) geboren. Die Behram-Beg-Medresa in Tuzla schloss er im Jahr 2005 ab, und das Studium an der Fakult\u00e4t f\u00fcr Islamische Wissenschaften in Sarajevo, Fachrichtung Imam, im Jahr 2012. Er arbeitete in seinem Geburtsort, im D\u017eemat No\u0107ajevi\u0107i, in der Zeit von 2006 bis 2014. Von 2014 bis 2022 [&hellip;]<\/p>\n","protected":false},"author":1,"featured_media":0,"parent":0,"menu_order":0,"comment_status":"closed","ping_status":"closed","template":"","meta":{"site-sidebar-layout":"no-sidebar","site-content-layout":"page-builder","ast-site-content-layout":"full-width-container","site-content-style":"unboxed","site-sidebar-style":"unboxed","ast-global-header-display":"","ast-banner-title-visibility":"","ast-main-header-display":"","ast-hfb-above-header-display":"","ast-hfb-below-header-display":"","ast-hfb-mobile-header-display":"","site-post-title":"disabled","ast-breadcrumbs-content":"","ast-featured-img":"disabled","footer-sml-layout":"","theme-transparent-header-meta":"","adv-header-id-meta":"","stick-header-meta":"","header-above-stick-meta":"","header-main-stick-meta":"","header-below-stick-meta":"","astra-migrate-meta-layouts":"set","ast-page-background-enabled":"default","ast-page-background-meta":{"desktop":{"background-color":"","background-image":"","background-repeat":"repeat","background-position":"center center","background-size":"auto","background-attachment":"scroll","background-type":"","background-media":"","overlay-type":"","overlay-color":"","overlay-opacity":"","overlay-gradient":""},"tablet":{"background-color":"","background-image":"","background-repeat":"repeat","background-position":"center center","background-size":"auto","background-attachment":"scroll","background-type":"","background-media":"","overlay-type":"","overlay-color":"","overlay-opacity":"","overlay-gradient":""},"mobile":{"background-color":"","background-image":"","background-repeat":"repeat","background-position":"center center","background-size":"auto","background-attachment":"scroll","background-type":"","background-media":"","overlay-type":"","overlay-color":"","overlay-opacity":"","overlay-gradient":""}},"ast-content-background-meta":{"desktop":{"background-color":"var(--ast-global-color-5)","background-image":"","background-repeat":"repeat","background-position":"center center","background-size":"auto","background-attachment":"scroll","background-type":"","background-media":"","overlay-type":"","overlay-color":"","overlay-opacity":"","overlay-gradient":""},"tablet":{"background-color":"var(--ast-global-color-5)","background-image":"","background-repeat":"repeat","background-position":"center center","background-size":"auto","background-attachment":"scroll","background-type":"","background-media":"","overlay-type":"","overlay-color":"","overlay-opacity":"","overlay-gradient":""},"mobile":{"background-color":"var(--ast-global-color-5)","background-image":"","background-repeat":"repeat","background-position":"center center","background-size":"auto","background-attachment":"scroll","background-type":"","background-media":"","overlay-type":"","overlay-color":"","overlay-opacity":"","overlay-gradient":""}},"footnotes":""},"class_list":["post-2204","page","type-page","status-publish","hentry"],"yoast_head":"<!-- This site is optimized with the Yoast SEO plugin v27.3 - https:\/\/yoast.com\/product\/yoast-seo-wordpress\/ -->\n<title>Imam - Dzemat der islamischen Gemeinschaft Bosniens Z\u00fcrich<\/title>\n<meta name=\"robots\" content=\"index, follow, max-snippet:-1, max-image-preview:large, max-video-preview:-1\" \/>\n<link rel=\"canonical\" href=\"https:\/\/ibc-zh.ch\/ba\/imam\/\" \/>\n<meta property=\"og:locale\" content=\"bs_BA\" \/>\n<meta property=\"og:type\" content=\"article\" \/>\n<meta property=\"og:title\" content=\"Imam - Dzemat der islamischen Gemeinschaft Bosniens Z\u00fcrich\" \/>\n<meta property=\"og:description\" content=\"Imam Sanel Hod\u017ei\u0107 wurde am 20.11.1986 in Kladanj (Bosnien) geboren. Die Behram-Beg-Medresa in Tuzla schloss er im Jahr 2005 ab, und das Studium an der Fakult\u00e4t f\u00fcr Islamische Wissenschaften in Sarajevo, Fachrichtung Imam, im Jahr 2012. Er arbeitete in seinem Geburtsort, im D\u017eemat No\u0107ajevi\u0107i, in der Zeit von 2006 bis 2014. Von 2014 bis 2022 [&hellip;]\" \/>\n<meta property=\"og:url\" content=\"https:\/\/ibc-zh.ch\/ba\/imam\/\" \/>\n<meta property=\"og:site_name\" content=\"Dzemat der islamischen Gemeinschaft Bosniens Z\u00fcrich\" \/>\n<meta property=\"article:publisher\" content=\"https:\/\/www.facebook.com\/dzematcirih\" \/>\n<meta property=\"og:image\" content=\"https:\/\/ibc-zh.ch\/wp-content\/uploads\/2025\/09\/ef-sanel-hodzic.jpeg\" \/>\n<meta name=\"twitter:card\" content=\"summary_large_image\" \/>\n<meta name=\"twitter:label1\" content=\"Est. reading time\" \/>\n\t<meta name=\"twitter:data1\" content=\"1 minuta\" \/>\n<script type=\"application\/ld+json\" class=\"yoast-schema-graph\">{\"@context\":\"https:\\\/\\\/schema.org\",\"@graph\":[{\"@type\":\"WebPage\",\"@id\":\"https:\\\/\\\/ibc-zh.ch\\\/imam\\\/\",\"url\":\"https:\\\/\\\/ibc-zh.ch\\\/imam\\\/\",\"name\":\"Imam - Dzemat der islamischen Gemeinschaft Bosniens Z\u00fcrich\",\"isPartOf\":{\"@id\":\"https:\\\/\\\/ibc-zh.ch\\\/#website\"},\"primaryImageOfPage\":{\"@id\":\"https:\\\/\\\/ibc-zh.ch\\\/imam\\\/#primaryimage\"},\"image\":{\"@id\":\"https:\\\/\\\/ibc-zh.ch\\\/imam\\\/#primaryimage\"},\"thumbnailUrl\":\"https:\\\/\\\/ibc-zh.ch\\\/wp-content\\\/uploads\\\/2025\\\/09\\\/ef-sanel-hodzic.jpeg\",\"datePublished\":\"2025-11-24T14:41:15+00:00\",\"breadcrumb\":{\"@id\":\"https:\\\/\\\/ibc-zh.ch\\\/imam\\\/#breadcrumb\"},\"inLanguage\":\"bs-BA\",\"potentialAction\":[{\"@type\":\"ReadAction\",\"target\":[\"https:\\\/\\\/ibc-zh.ch\\\/imam\\\/\"]}]},{\"@type\":\"ImageObject\",\"inLanguage\":\"bs-BA\",\"@id\":\"https:\\\/\\\/ibc-zh.ch\\\/imam\\\/#primaryimage\",\"url\":\"https:\\\/\\\/ibc-zh.ch\\\/wp-content\\\/uploads\\\/2025\\\/09\\\/ef-sanel-hodzic.jpeg\",\"contentUrl\":\"https:\\\/\\\/ibc-zh.ch\\\/wp-content\\\/uploads\\\/2025\\\/09\\\/ef-sanel-hodzic.jpeg\"},{\"@type\":\"BreadcrumbList\",\"@id\":\"https:\\\/\\\/ibc-zh.ch\\\/imam\\\/#breadcrumb\",\"itemListElement\":[{\"@type\":\"ListItem\",\"position\":1,\"name\":\"Startseite\",\"item\":\"https:\\\/\\\/ibc-zh.ch\\\/\"},{\"@type\":\"ListItem\",\"position\":2,\"name\":\"Imam\"}]},{\"@type\":\"WebSite\",\"@id\":\"https:\\\/\\\/ibc-zh.ch\\\/#website\",\"url\":\"https:\\\/\\\/ibc-zh.ch\\\/\",\"name\":\"Dzemat der islamischen Gemeinschaft Bosniens Z\u00fcrich\",\"description\":\"Islamska zajednica Bo\u0161njaka u \u0160vicarskoj Dzemat ZH\",\"publisher\":{\"@id\":\"https:\\\/\\\/ibc-zh.ch\\\/#organization\"},\"potentialAction\":[{\"@type\":\"SearchAction\",\"target\":{\"@type\":\"EntryPoint\",\"urlTemplate\":\"https:\\\/\\\/ibc-zh.ch\\\/?s={search_term_string}\"},\"query-input\":{\"@type\":\"PropertyValueSpecification\",\"valueRequired\":true,\"valueName\":\"search_term_string\"}}],\"inLanguage\":\"bs-BA\"},{\"@type\":\"Organization\",\"@id\":\"https:\\\/\\\/ibc-zh.ch\\\/#organization\",\"name\":\"D\u017eemat Z\u00fcrich\",\"url\":\"https:\\\/\\\/ibc-zh.ch\\\/\",\"logo\":{\"@type\":\"ImageObject\",\"inLanguage\":\"bs-BA\",\"@id\":\"https:\\\/\\\/ibc-zh.ch\\\/#\\\/schema\\\/logo\\\/image\\\/\",\"url\":\"https:\\\/\\\/ibc-zh.ch\\\/wp-content\\\/uploads\\\/2024\\\/05\\\/cropped-ibc-logo.png\",\"contentUrl\":\"https:\\\/\\\/ibc-zh.ch\\\/wp-content\\\/uploads\\\/2024\\\/05\\\/cropped-ibc-logo.png\",\"width\":300,\"height\":300,\"caption\":\"D\u017eemat Z\u00fcrich\"},\"image\":{\"@id\":\"https:\\\/\\\/ibc-zh.ch\\\/#\\\/schema\\\/logo\\\/image\\\/\"},\"sameAs\":[\"https:\\\/\\\/www.facebook.com\\\/dzematcirih\"]}]}<\/script>\n<!-- \/ Yoast SEO plugin. -->","yoast_head_json":{"title":"Imam - Dzemat der islamischen Gemeinschaft Bosniens Z\u00fcrich","robots":{"index":"index","follow":"follow","max-snippet":"max-snippet:-1","max-image-preview":"max-image-preview:large","max-video-preview":"max-video-preview:-1"},"canonical":"https:\/\/ibc-zh.ch\/ba\/imam\/","og_locale":"bs_BA","og_type":"article","og_title":"Imam - Dzemat der islamischen Gemeinschaft Bosniens Z\u00fcrich","og_description":"Imam Sanel Hod\u017ei\u0107 wurde am 20.11.1986 in Kladanj (Bosnien) geboren. Die Behram-Beg-Medresa in Tuzla schloss er im Jahr 2005 ab, und das Studium an der Fakult\u00e4t f\u00fcr Islamische Wissenschaften in Sarajevo, Fachrichtung Imam, im Jahr 2012. Er arbeitete in seinem Geburtsort, im D\u017eemat No\u0107ajevi\u0107i, in der Zeit von 2006 bis 2014. Von 2014 bis 2022 [&hellip;]","og_url":"https:\/\/ibc-zh.ch\/ba\/imam\/","og_site_name":"Dzemat der islamischen Gemeinschaft Bosniens Z\u00fcrich","article_publisher":"https:\/\/www.facebook.com\/dzematcirih","og_image":[{"url":"https:\/\/ibc-zh.ch\/wp-content\/uploads\/2025\/09\/ef-sanel-hodzic.jpeg","type":"","width":"","height":""}],"twitter_card":"summary_large_image","twitter_misc":{"Est. reading time":"1 minuta"},"schema":{"@context":"https:\/\/schema.org","@graph":[{"@type":"WebPage","@id":"https:\/\/ibc-zh.ch\/imam\/","url":"https:\/\/ibc-zh.ch\/imam\/","name":"Imam - Dzemat der islamischen Gemeinschaft Bosniens Z\u00fcrich","isPartOf":{"@id":"https:\/\/ibc-zh.ch\/#website"},"primaryImageOfPage":{"@id":"https:\/\/ibc-zh.ch\/imam\/#primaryimage"},"image":{"@id":"https:\/\/ibc-zh.ch\/imam\/#primaryimage"},"thumbnailUrl":"https:\/\/ibc-zh.ch\/wp-content\/uploads\/2025\/09\/ef-sanel-hodzic.jpeg","datePublished":"2025-11-24T14:41:15+00:00","breadcrumb":{"@id":"https:\/\/ibc-zh.ch\/imam\/#breadcrumb"},"inLanguage":"bs-BA","potentialAction":[{"@type":"ReadAction","target":["https:\/\/ibc-zh.ch\/imam\/"]}]},{"@type":"ImageObject","inLanguage":"bs-BA","@id":"https:\/\/ibc-zh.ch\/imam\/#primaryimage","url":"https:\/\/ibc-zh.ch\/wp-content\/uploads\/2025\/09\/ef-sanel-hodzic.jpeg","contentUrl":"https:\/\/ibc-zh.ch\/wp-content\/uploads\/2025\/09\/ef-sanel-hodzic.jpeg"},{"@type":"BreadcrumbList","@id":"https:\/\/ibc-zh.ch\/imam\/#breadcrumb","itemListElement":[{"@type":"ListItem","position":1,"name":"Startseite","item":"https:\/\/ibc-zh.ch\/"},{"@type":"ListItem","position":2,"name":"Imam"}]},{"@type":"WebSite","@id":"https:\/\/ibc-zh.ch\/#website","url":"https:\/\/ibc-zh.ch\/","name":"Dzemat der islamischen Gemeinschaft Bosniens Z\u00fcrich","description":"Islamska zajednica Bo\u0161njaka u \u0160vicarskoj Dzemat ZH","publisher":{"@id":"https:\/\/ibc-zh.ch\/#organization"},"potentialAction":[{"@type":"SearchAction","target":{"@type":"EntryPoint","urlTemplate":"https:\/\/ibc-zh.ch\/?s={search_term_string}"},"query-input":{"@type":"PropertyValueSpecification","valueRequired":true,"valueName":"search_term_string"}}],"inLanguage":"bs-BA"},{"@type":"Organization","@id":"https:\/\/ibc-zh.ch\/#organization","name":"D\u017eemat Z\u00fcrich","url":"https:\/\/ibc-zh.ch\/","logo":{"@type":"ImageObject","inLanguage":"bs-BA","@id":"https:\/\/ibc-zh.ch\/#\/schema\/logo\/image\/","url":"https:\/\/ibc-zh.ch\/wp-content\/uploads\/2024\/05\/cropped-ibc-logo.png","contentUrl":"https:\/\/ibc-zh.ch\/wp-content\/uploads\/2024\/05\/cropped-ibc-logo.png","width":300,"height":300,"caption":"D\u017eemat Z\u00fcrich"},"image":{"@id":"https:\/\/ibc-zh.ch\/#\/schema\/logo\/image\/"},"sameAs":["https:\/\/www.facebook.com\/dzematcirih"]}]}},"_links":{"self":[{"href":"https:\/\/ibc-zh.ch\/ba\/wp-json\/wp\/v2\/pages\/2204","targetHints":{"allow":["GET"]}}],"collection":[{"href":"https:\/\/ibc-zh.ch\/ba\/wp-json\/wp\/v2\/pages"}],"about":[{"href":"https:\/\/ibc-zh.ch\/ba\/wp-json\/wp\/v2\/types\/page"}],"author":[{"embeddable":true,"href":"https:\/\/ibc-zh.ch\/ba\/wp-json\/wp\/v2\/users\/1"}],"replies":[{"embeddable":true,"href":"https:\/\/ibc-zh.ch\/ba\/wp-json\/wp\/v2\/comments?post=2204"}],"version-history":[{"count":2,"href":"https:\/\/ibc-zh.ch\/ba\/wp-json\/wp\/v2\/pages\/2204\/revisions"}],"predecessor-version":[{"id":2208,"href":"https:\/\/ibc-zh.ch\/ba\/wp-json\/wp\/v2\/pages\/2204\/revisions\/2208"}],"wp:attachment":[{"href":"https:\/\/ibc-zh.ch\/ba\/wp-json\/wp\/v2\/media?parent=2204"}],"curies":[{"name":"wp","href":"https:\/\/api.w.org\/{rel}","templated":true}]}}